{"id":6917,"date":"2023-06-06T17:05:48","date_gmt":"2023-06-06T17:05:48","guid":{"rendered":"https:\/\/balkar.earth\/espacios-de-aprendizaje\/"},"modified":"2025-02-27T12:05:41","modified_gmt":"2025-02-27T12:05:41","slug":"espacios-de-aprendizaje","status":"publish","type":"page","link":"https:\/\/balkar.earth\/es\/espacios-de-aprendizaje\/","title":{"rendered":"Espacios de aprendizaje"},"content":{"rendered":"<p>[et_pb_section fb_built=&#8221;1&#8243; module_id=&#8221;formaciones&#8221; _builder_version=&#8221;4.19.4&#8243; _module_preset=&#8221;default&#8221; background_color=&#8221;#FBF7EB&#8221; custom_margin=&#8221;||||false|false&#8221; custom_padding=&#8221;0px|||||&#8221; global_colors_info=&#8221;{}&#8221;][et_pb_row column_structure=&#8221;1_2,1_2&#8243; _builder_version=&#8221;4.19.4&#8243; _module_preset=&#8221;default&#8221; background_image=&#8221;https:\/\/balkar.earth\/wp-content\/uploads\/Group-288-1.svg&#8221; background_size=&#8221;initial&#8221; background_position=&#8221;bottom_left&#8221; background_horizontal_offset=&#8221;9%&#8221; custom_margin=&#8221;||0px||false|false&#8221; custom_padding=&#8221;60px||||false|false&#8221; global_colors_info=&#8221;{}&#8221;][et_pb_column type=&#8221;1_2&#8243; _builder_version=&#8221;4.17.3&#8243; _module_preset=&#8221;default&#8221; global_colors_info=&#8221;{}&#8221;][et_pb_text _builder_version=&#8221;4.17.3&#8243; _module_preset=&#8221;default&#8221; global_colors_info=&#8221;{}&#8221;]<\/p>\n<h2>Propuestas y espacios de aprendizaje<\/h2>\n<p>[\/et_pb_text][et_pb_text _builder_version=&#8221;4.19.4&#8243; _module_preset=&#8221;default&#8221; text_font=&#8221;||||||||&#8221; text_font_size=&#8221;25px&#8221; text_font_size_tablet=&#8221;25px&#8221; text_font_size_phone=&#8221;16px&#8221; text_font_size_last_edited=&#8221;on|phone&#8221; global_colors_info=&#8221;{}&#8221;]<\/p>\n<p>Acompa\u00f1amos a personas y organizaciones en el desarrollo y uso de herramientas y estrategias para encontrar respuestas creativas a los retos de hoy.<\/p>\n<p>[\/et_pb_text][\/et_pb_column][et_pb_column type=&#8221;1_2&#8243; _builder_version=&#8221;4.19.4&#8243; _module_preset=&#8221;default&#8221; custom_padding=&#8221;|||70px|false|false&#8221; custom_padding_tablet=&#8221;|||70px|false|false&#8221; custom_padding_phone=&#8221;|||1px|false|false&#8221; custom_padding_last_edited=&#8221;on|phone&#8221; global_colors_info=&#8221;{}&#8221;][et_pb_text disabled_on=&#8221;on|on|on&#8221; _builder_version=&#8221;4.19.4&#8243; _module_preset=&#8221;default&#8221; text_font=&#8221;Athletics black||||||||&#8221; custom_padding=&#8221;||||false|false&#8221; disabled=&#8221;on&#8221; global_colors_info=&#8221;{}&#8221;]<\/p>\n<p>PROGRAMAS<\/p>\n<p>[\/et_pb_text][et_pb_blurb title=&#8221;Catalizaci\u00f3n comunitaria&#8221; image=&#8221;https:\/\/balkar.earth\/wp-content\/uploads\/Group-150.svg&#8221; icon_placement=&#8221;left&#8221; image_icon_width=&#8221;80px&#8221; disabled_on=&#8221;on|on|on&#8221; _builder_version=&#8221;4.19.4&#8243; _module_preset=&#8221;default&#8221; header_font_size=&#8221;28px&#8221; header_line_height=&#8221;2.9em&#8221; image_icon_custom_margin=&#8221;||||false|false&#8221; image_icon_custom_padding=&#8221;|10px|||false|false&#8221; custom_margin=&#8221;||||false|false&#8221; custom_padding=&#8221;||||false|false&#8221; header_line_height_tablet=&#8221;3.4em&#8221; header_line_height_phone=&#8221;1.5em&#8221; header_line_height_last_edited=&#8221;on|phone&#8221; disabled=&#8221;on&#8221; global_colors_info=&#8221;{}&#8221;][\/et_pb_blurb][et_pb_blurb title=&#8221;Colonizaci\u00f3n inversa&#8221; image=&#8221;https:\/\/balkar.earth\/wp-content\/uploads\/Group-153.svg&#8221; icon_placement=&#8221;left&#8221; image_icon_width=&#8221;80px&#8221; disabled_on=&#8221;on|on|on&#8221; _builder_version=&#8221;4.19.4&#8243; _module_preset=&#8221;default&#8221; header_font_size=&#8221;28px&#8221; header_line_height=&#8221;2.1em&#8221; image_icon_custom_margin=&#8221;||||false|false&#8221; image_icon_custom_padding=&#8221;|10px|||false|false&#8221; disabled=&#8221;on&#8221; global_colors_info=&#8221;{}&#8221;][\/et_pb_blurb][et_pb_blurb title=&#8221;Emergencia cultural&#8221; image=&#8221;https:\/\/balkar.earth\/wp-content\/uploads\/Group-154.svg&#8221; icon_placement=&#8221;left&#8221; image_icon_width=&#8221;80px&#8221; disabled_on=&#8221;on|on|on&#8221; _builder_version=&#8221;4.19.4&#8243; _module_preset=&#8221;default&#8221; header_font_size=&#8221;28px&#8221; header_line_height=&#8221;2.3em&#8221; image_icon_custom_margin=&#8221;||||false|false&#8221; image_icon_custom_padding=&#8221;|10px|||false|false&#8221; disabled=&#8221;on&#8221; global_colors_info=&#8221;{}&#8221;][\/et_pb_blurb][et_pb_blurb title=&#8221;Ecosistemas biorregionales&#8221; image=&#8221;https:\/\/balkar.earth\/wp-content\/uploads\/Vector.svg&#8221; icon_placement=&#8221;left&#8221; image_icon_width=&#8221;80px&#8221; disabled_on=&#8221;on|on|on&#8221; _builder_version=&#8221;4.19.4&#8243; _module_preset=&#8221;default&#8221; header_font_size=&#8221;28px&#8221; header_line_height=&#8221;2.6em&#8221; image_icon_custom_margin=&#8221;||||false|false&#8221; image_icon_custom_padding=&#8221;|10px|||false|false&#8221; disabled=&#8221;on&#8221; global_colors_info=&#8221;{}&#8221;][\/et_pb_blurb][\/et_pb_column][\/et_pb_row][et_pb_row disabled_on=&#8221;off|off|off&#8221; _builder_version=&#8221;4.17.3&#8243; _module_preset=&#8221;default&#8221; custom_margin=&#8221;0px|auto||auto|false|false&#8221; custom_padding=&#8221;0px||0px||false|false&#8221; global_colors_info=&#8221;{}&#8221;][et_pb_column type=&#8221;4_4&#8243; module_class=&#8221;d-flex&#8221; _builder_version=&#8221;4.17.3&#8243; _module_preset=&#8221;default&#8221; global_colors_info=&#8221;{}&#8221;][et_pb_text disabled_on=&#8221;on|on|on&#8221; _builder_version=&#8221;4.17.3&#8243; _module_preset=&#8221;default&#8221; text_font=&#8221;Athletics black||||||||&#8221; custom_margin=&#8221;|50px|||false|false&#8221; custom_padding=&#8221;10px||||false|false&#8221; disabled=&#8221;on&#8221; global_colors_info=&#8221;{}&#8221;]<\/p>\n<p>\u00bfQU\u00c9 FORMATO BUSCAS?<\/p>\n<p>[\/et_pb_text][et_pb_button button_url=&#8221;https:\/\/balkar.earth\/es\/espacios-de-aprendizaje\/&#8221; button_text=&#8221;PRESENCIAL&#8221; disabled_on=&#8221;on|on|on&#8221; module_id=&#8221;btn-presencial&#8221; _builder_version=&#8221;4.22.1&#8243; _module_preset=&#8221;default&#8221; disabled=&#8221;on&#8221; global_colors_info=&#8221;{}&#8221;][\/et_pb_button][et_pb_button button_url=&#8221;https:\/\/balkar.earth\/iltirtek\/&#8221; button_text=&#8221;VIRTUAL&#8221; disabled_on=&#8221;on|on|on&#8221; module_id=&#8221;btn-virtual&#8221; _builder_version=&#8221;4.22.1&#8243; _module_preset=&#8221;default&#8221; custom_margin=&#8221;|||30px|false|false&#8221; disabled=&#8221;on&#8221; global_colors_info=&#8221;{}&#8221;][\/et_pb_button][\/et_pb_column][\/et_pb_row][\/et_pb_section][et_pb_section fb_built=&#8221;1&#8243; module_id=&#8221;formaciones&#8221; _builder_version=&#8221;4.21.0&#8243; _module_preset=&#8221;default&#8221; background_color=&#8221;#FFFFFF&#8221; custom_margin=&#8221;||||false|false&#8221; custom_padding=&#8221;0px|||||&#8221; global_colors_info=&#8221;{}&#8221;][et_pb_row _builder_version=&#8221;4.19.4&#8243; _module_preset=&#8221;default&#8221; background_image=&#8221;https:\/\/balkar.earth\/wp-content\/uploads\/Group-288-1.svg&#8221; background_size=&#8221;initial&#8221; background_position=&#8221;bottom_left&#8221; background_horizontal_offset=&#8221;9%&#8221; custom_margin=&#8221;||0px||false|false&#8221; custom_padding=&#8221;60px||||false|false&#8221; global_colors_info=&#8221;{}&#8221;][et_pb_column type=&#8221;4_4&#8243; _builder_version=&#8221;4.17.3&#8243; _module_preset=&#8221;default&#8221; global_colors_info=&#8221;{}&#8221;][et_pb_text _builder_version=&#8221;4.22.1&#8243; _module_preset=&#8221;default&#8221; global_colors_info=&#8221;{}&#8221;]<\/p>\n<h2>FORMACIONES  <\/h2>\n<p>[\/et_pb_text][\/et_pb_column][\/et_pb_row][et_pb_row column_structure=&#8221;1_3,1_3,1_3&#8243; _builder_version=&#8221;4.22.1&#8243; _module_preset=&#8221;default&#8221; global_colors_info=&#8221;{}&#8221;][et_pb_column type=&#8221;1_3&#8243; _builder_version=&#8221;4.22.1&#8243; _module_preset=&#8221;default&#8221; global_colors_info=&#8221;{}&#8221;][et_pb_image src=&#8221;https:\/\/balkar.earth\/wp-content\/uploads\/1-6.png&#8221; title_text=&#8221;1&#8243; _builder_version=&#8221;4.27.3&#8243; _module_preset=&#8221;default&#8221; hover_enabled=&#8221;0&#8243; global_colors_info=&#8221;{}&#8221; sticky_enabled=&#8221;0&#8243;][\/et_pb_image][et_pb_text _builder_version=&#8221;4.27.3&#8243; _module_preset=&#8221;default&#8221; hover_enabled=&#8221;0&#8243; global_colors_info=&#8221;{}&#8221; sticky_enabled=&#8221;0&#8243;]<\/p>\n<h3>INICIACI\u00d3N Y PROFUNDIZACI\u00d3N EN LA PR\u00c1CTICA REGENERATIVA (TRP).<\/h3>\n<p>Con Regenesis Institute.  <span>The Regenerative Practitioner (TRP) es una experiencia transformadora que te capacita con las herramientas necesarias para pasar del paradigma de la sostenibilidad a la regeneraci\u00f3n.<\/span><\/p>\n<p><strong>Matr\u00edcula abierta.<\/strong><\/p>\n<p>&nbsp;<\/p>\n<p>[\/et_pb_text][et_pb_button button_url=&#8221;https:\/\/www.regenerat.es\/trp-landing-page-catalonia\/&#8221; button_text=&#8221;m\u00e1s informaci\u00f3n&#8221; disabled_on=&#8221;off|off|off&#8221; _builder_version=&#8221;4.27.3&#8243; _module_preset=&#8221;default&#8221; hover_enabled=&#8221;0&#8243; global_colors_info=&#8221;{}&#8221; sticky_enabled=&#8221;0&#8243;][\/et_pb_button][\/et_pb_column][et_pb_column type=&#8221;1_3&#8243; _builder_version=&#8221;4.22.1&#8243; _module_preset=&#8221;default&#8221; global_colors_info=&#8221;{}&#8221;][et_pb_image src=&#8221;https:\/\/balkar.earth\/wp-content\/uploads\/3-9.png&#8221; title_text=&#8221;3&#8243; _builder_version=&#8221;4.22.1&#8243; _module_preset=&#8221;default&#8221; global_colors_info=&#8221;{}&#8221;][\/et_pb_image][et_pb_text _builder_version=&#8221;4.27.3&#8243; _module_preset=&#8221;default&#8221; global_colors_info=&#8221;{}&#8221;]<\/p>\n<h3><strong>ESPECIALIZACI\u00d3N EN<\/strong> BIOMIM\u00c9TICA SOCIAL.<\/h3>\n<p>Una formaci\u00f3n virtual con Melina Angel, Leen Gorissen, Tamsin Woolley-Barker, Toby Herzlich, <span>Gina LaMotte<\/span> y Paco Calvo, formadoras referentes internacionales en Biomim\u00e9tica Social.<\/p>\n<p><strong>Formaci\u00f3n<\/strong> <strong>virtual de 60 horas<\/strong> de las que 30 horas lectivas y 30 horas de dedicaci\u00f3n personal.<\/p>\n<p><strong>De febrero a junio de 2025.<\/strong><\/p>\n<p><strong>Matr\u00edula abierta.<\/strong><\/p>\n<p>[\/et_pb_text][et_pb_button button_url=&#8221;https:\/\/balkar.earth\/es\/formacio\/especializacion-en-biomimetica-social\/&#8221; button_text=&#8221;m\u00e1s informaci\u00f3n&#8221; disabled_on=&#8221;off|off|off&#8221; _builder_version=&#8221;4.22.1&#8243; _module_preset=&#8221;default&#8221; global_colors_info=&#8221;{}&#8221;][\/et_pb_button][\/et_pb_column][et_pb_column _builder_version=&#8221;4.27.3&#8243; _module_preset=&#8221;default&#8221; type=&#8221;1_3&#8243;][et_pb_image src=&#8221;https:\/\/balkar.earth\/wp-content\/uploads\/4-12.png&#8221; title_text=&#8221;4&#8243; _builder_version=&#8221;4.22.1&#8243; _module_preset=&#8221;default&#8221; global_colors_info=&#8221;{}&#8221;][\/et_pb_image][et_pb_text _builder_version=&#8221;4.27.3&#8243; _module_preset=&#8221;default&#8221; global_colors_info=&#8221;{}&#8221;]<\/p>\n<h3><b data-stringify-type=\"bold\">VOCES DEL DECOLONIALISMO: desde una perspectiva interseccional y reconciliadora.<\/b><\/h3>\n<p>Una formaci\u00f3n virtual dise\u00f1ada por Erika Z\u00e1rate con formadoras de referencia internacional. Idioma original de la formaci\u00f3n en ingl\u00e9s con posibilidad de traducci\u00f3n al espa\u00f1ol. <\/p>\n<p><strong>Inicio septiembre de 2025.<\/strong><\/p>\n<p><strong>Abrimos matr\u00edcula en junio de 2025.<\/strong><\/p>\n<p>[\/et_pb_text][\/et_pb_column][\/et_pb_row][et_pb_row column_structure=&#8221;1_3,1_3,1_3&#8243; _builder_version=&#8221;4.22.1&#8243; _module_preset=&#8221;default&#8221; global_colors_info=&#8221;{}&#8221;][et_pb_column type=&#8221;1_3&#8243; _builder_version=&#8221;4.22.1&#8243; _module_preset=&#8221;default&#8221; global_colors_info=&#8221;{}&#8221;][et_pb_image src=&#8221;https:\/\/balkar.earth\/wp-content\/uploads\/facilitacion-sistemica-el-ciclo.jpg&#8221; title_text=&#8221;facilitacion-sistemica-el-ciclo&#8221; _builder_version=&#8221;4.22.1&#8243; _module_preset=&#8221;default&#8221; global_colors_info=&#8221;{}&#8221;][\/et_pb_image][et_pb_text _builder_version=&#8221;4.27.3&#8243; _module_preset=&#8221;default&#8221; hover_enabled=&#8221;0&#8243; global_colors_info=&#8221;{}&#8221; sticky_enabled=&#8221;0&#8243;]<\/p>\n<h4>FACILITACI\u00d3N SIST\u00c9MICA, con Facilitaci\u00f3n Sist\u00e9mica.<\/h4>\n<p>Inicio marzo de 2025.<\/p>\n<p><strong>Matr\u00edcula cerrada.<\/strong><\/p>\n<p>[\/et_pb_text][et_pb_button button_url=&#8221;https:\/\/facilitacionsistemica.com\/fs14-olot-girona\/&#8221; button_text=&#8221;m\u00e1s informaci\u00f3n&#8221; disabled_on=&#8221;off|off|off&#8221; _builder_version=&#8221;4.22.1&#8243; _module_preset=&#8221;default&#8221; global_colors_info=&#8221;{}&#8221;][\/et_pb_button][\/et_pb_column][et_pb_column type=&#8221;1_3&#8243; _builder_version=&#8221;4.22.1&#8243; _module_preset=&#8221;default&#8221; global_colors_info=&#8221;{}&#8221;][et_pb_image src=&#8221;https:\/\/balkar.earth\/wp-content\/uploads\/Captura-de-pantalla-2024-10-07-a-les-8.45.26.png&#8221; title_text=&#8221;robhopkins&#8221; _builder_version=&#8221;4.22.1&#8243; _module_preset=&#8221;default&#8221; global_colors_info=&#8221;{}&#8221;][\/et_pb_image][et_pb_text _builder_version=&#8221;4.27.3&#8243; _module_preset=&#8221;default&#8221; global_colors_info=&#8221;{}&#8221;]<\/p>\n<h4>C\u00d3MO ENAMORARSE DEL FUTURO, con Rob Hopkins.<\/h4>\n<p>12 de diciembre de 2024.<\/p>\n<p><strong>Matr\u00edcula cerrada.<\/strong><\/p>\n<p>[\/et_pb_text][et_pb_button button_url=&#8221;https:\/\/balkar.earth\/formacio\/com-enamorar-se-del-futur\/&#8221; button_text=&#8221;m\u00e1s informaci\u00f3n&#8221; disabled_on=&#8221;off|off|off&#8221; _builder_version=&#8221;4.22.1&#8243; _module_preset=&#8221;default&#8221; global_colors_info=&#8221;{}&#8221;][\/et_pb_button][\/et_pb_column][et_pb_column type=&#8221;1_3&#8243; _builder_version=&#8221;4.22.1&#8243; _module_preset=&#8221;default&#8221; global_colors_info=&#8221;{}&#8221;][et_pb_image src=&#8221;https:\/\/balkar.earth\/wp-content\/uploads\/rolsprivilegis-lagrimpada-albadanes-scaled.jpg&#8221; title_text=&#8221;rolesprivilegios-lagrimpada-albadanes&#8221; _builder_version=&#8221;4.27.3&#8243; _module_preset=&#8221;default&#8221; global_colors_info=&#8221;{}&#8221;][\/et_pb_image][et_pb_text _builder_version=&#8221;4.27.3&#8243; _module_preset=&#8221;default&#8221; hover_enabled=&#8221;0&#8243; global_colors_info=&#8221;{}&#8221; sticky_enabled=&#8221;0&#8243;]<\/p>\n<h4>ESS Y COMUNES, Cooperativas y Nuevas Instituciones, Curso de especializaci\u00f3n en la UdG.<\/h4>\n<p>Inicio enero de 2025.<\/p>\n<p><strong>Matr\u00edcula cerrada.<\/strong><\/p>\n<p>[\/et_pb_text][et_pb_button button_url=&#8221;https:\/\/balkar.earth\/formacio\/essicomuns\/&#8221; button_text=&#8221;m\u00e1s informaci\u00f3n&#8221; disabled_on=&#8221;off|off|off&#8221; _builder_version=&#8221;4.27.3&#8243; _module_preset=&#8221;default&#8221; global_colors_info=&#8221;{}&#8221;][\/et_pb_button][\/et_pb_column][\/et_pb_row][\/et_pb_section][et_pb_section fb_built=&#8221;1&#8243; disabled_on=&#8221;on|on|on&#8221; module_id=&#8221;formaciones&#8221; _builder_version=&#8221;4.22.1&#8243; _module_preset=&#8221;default&#8221; background_color=&#8221;#FBF7EB&#8221; custom_margin=&#8221;||||false|false&#8221; custom_padding=&#8221;0px|||||&#8221; disabled=&#8221;on&#8221; global_colors_info=&#8221;{}&#8221;][et_pb_row _builder_version=&#8221;4.19.4&#8243; _module_preset=&#8221;default&#8221; background_image=&#8221;https:\/\/balkar.earth\/wp-content\/uploads\/Group-288-1.svg&#8221; background_size=&#8221;initial&#8221; background_position=&#8221;bottom_left&#8221; background_horizontal_offset=&#8221;9%&#8221; custom_margin=&#8221;||0px||false|false&#8221; custom_padding=&#8221;60px||||false|false&#8221; global_colors_info=&#8221;{}&#8221;][et_pb_column type=&#8221;4_4&#8243; _builder_version=&#8221;4.17.3&#8243; _module_preset=&#8221;default&#8221; global_colors_info=&#8221;{}&#8221;][et_pb_text _builder_version=&#8221;4.22.1&#8243; _module_preset=&#8221;default&#8221; global_colors_info=&#8221;{}&#8221;]<\/p>\n<h2>C\u00c1PSULAS FORMATIVAS<\/h2>\n<p>[\/et_pb_text][\/et_pb_column][\/et_pb_row][et_pb_row column_structure=&#8221;1_3,1_3,1_3&#8243; _builder_version=&#8221;4.22.1&#8243; _module_preset=&#8221;default&#8221; global_colors_info=&#8221;{}&#8221;][et_pb_column type=&#8221;1_3&#8243; _builder_version=&#8221;4.22.1&#8243; _module_preset=&#8221;default&#8221; global_colors_info=&#8221;{}&#8221;][et_pb_image src=&#8221;https:\/\/balkar.earth\/wp-content\/uploads\/facilitacion-sistemica-el-ciclo.jpg&#8221; title_text=&#8221;facilitacion-sistemica-el-ciclo&#8221; _builder_version=&#8221;4.22.1&#8243; _module_preset=&#8221;default&#8221; global_colors_info=&#8221;{}&#8221;][\/et_pb_image][et_pb_text _builder_version=&#8221;4.22.1&#8243; _module_preset=&#8221;default&#8221; global_colors_info=&#8221;{}&#8221;]<\/p>\n<h4>FACILITACI\u00d3N SIST\u00c9MICA, con Facilitaci\u00f3n Sist\u00e9mica.<\/h4>\n<p>Inicio marzo de 2025.<\/p>\n<p><strong>Matr\u00edcula abierta.<\/strong><\/p>\n<p>[\/et_pb_text][et_pb_button button_url=&#8221;https:\/\/facilitacionsistemica.com\/fs14-olot-girona\/&#8221; button_text=&#8221;m\u00e1s informaci\u00f3n&#8221; disabled_on=&#8221;off|off|off&#8221; _builder_version=&#8221;4.22.1&#8243; _module_preset=&#8221;default&#8221; global_colors_info=&#8221;{}&#8221;][\/et_pb_button][\/et_pb_column][et_pb_column type=&#8221;1_3&#8243; _builder_version=&#8221;4.22.1&#8243; _module_preset=&#8221;default&#8221; global_colors_info=&#8221;{}&#8221;][et_pb_image src=&#8221;https:\/\/balkar.earth\/wp-content\/uploads\/Captura-de-pantalla-2024-10-07-a-les-8.45.26.png&#8221; title_text=&#8221;robhopkins&#8221; _builder_version=&#8221;4.22.1&#8243; _module_preset=&#8221;default&#8221; global_colors_info=&#8221;{}&#8221;][\/et_pb_image][et_pb_text _builder_version=&#8221;4.22.1&#8243; _module_preset=&#8221;default&#8221; global_colors_info=&#8221;{}&#8221;]<\/p>\n<h4>C\u00d3MO ENAMORARSE DEL FUTURO, con Rob Hopkins.<\/h4>\n<p>12 de diciembre de 2024.<\/p>\n<p><strong>Abrimos matr\u00edcula el 10 de octubre.<\/strong><\/p>\n<p>[\/et_pb_text][et_pb_button button_url=&#8221;https:\/\/balkar.earth\/formacio\/com-enamorar-se-del-futur\/&#8221; button_text=&#8221;m\u00e1s informaci\u00f3n&#8221; disabled_on=&#8221;off|off|off&#8221; _builder_version=&#8221;4.22.1&#8243; _module_preset=&#8221;default&#8221; global_colors_info=&#8221;{}&#8221;][\/et_pb_button][\/et_pb_column][et_pb_column type=&#8221;1_3&#8243; _builder_version=&#8221;4.22.1&#8243; _module_preset=&#8221;default&#8221; global_colors_info=&#8221;{}&#8221;][\/et_pb_column][\/et_pb_row][\/et_pb_section][et_pb_section fb_built=&#8221;1&#8243; module_id=&#8221;formaciones&#8221; _builder_version=&#8221;4.21.0&#8243; _module_preset=&#8221;default&#8221; background_color=&#8221;#FFFFFF&#8221; custom_margin=&#8221;||||false|false&#8221; custom_padding=&#8221;0px|||||&#8221; global_colors_info=&#8221;{}&#8221;][et_pb_row column_structure=&#8221;1_2,1_2&#8243; _builder_version=&#8221;4.19.4&#8243; _module_preset=&#8221;default&#8221; background_image=&#8221;https:\/\/balkar.earth\/wp-content\/uploads\/Group-288-1.svg&#8221; background_size=&#8221;initial&#8221; background_position=&#8221;bottom_left&#8221; background_horizontal_offset=&#8221;9%&#8221; custom_margin=&#8221;||0px||false|false&#8221; custom_padding=&#8221;60px||||false|false&#8221; global_colors_info=&#8221;{}&#8221;][et_pb_column type=&#8221;1_2&#8243; _builder_version=&#8221;4.17.3&#8243; _module_preset=&#8221;default&#8221; global_colors_info=&#8221;{}&#8221;][et_pb_text _builder_version=&#8221;4.22.1&#8243; _module_preset=&#8221;default&#8221; global_colors_info=&#8221;{}&#8221;]<\/p>\n<h2>Programas aceleradora 2024\/25<\/h2>\n<p>[\/et_pb_text][\/et_pb_column][et_pb_column type=&#8221;1_2&#8243; _builder_version=&#8221;4.17.3&#8243; _module_preset=&#8221;default&#8221; global_colors_info=&#8221;{}&#8221;][\/et_pb_column][\/et_pb_row][et_pb_row disabled_on=&#8221;on|on|on&#8221; _builder_version=&#8221;4.17.3&#8243; _module_preset=&#8221;default&#8221; custom_margin=&#8221;0px|auto||auto|false|false&#8221; custom_padding=&#8221;0px||0px||false|false&#8221; disabled=&#8221;on&#8221; global_colors_info=&#8221;{}&#8221;][et_pb_column type=&#8221;4_4&#8243; module_class=&#8221;d-flex&#8221; _builder_version=&#8221;4.17.3&#8243; _module_preset=&#8221;default&#8221; global_colors_info=&#8221;{}&#8221;][et_pb_text _builder_version=&#8221;4.17.3&#8243; _module_preset=&#8221;default&#8221; text_font=&#8221;Athletics black||||||||&#8221; custom_margin=&#8221;|50px|||false|false&#8221; custom_padding=&#8221;10px||||false|false&#8221; global_colors_info=&#8221;{}&#8221;]<\/p>\n<p>\u00bfQU\u00c9 FORMATO BUSCAS?<\/p>\n<p>[\/et_pb_text][et_pb_button button_text=&#8221;PRESENCIAL&#8221; module_id=&#8221;btn-presencial&#8221; _builder_version=&#8221;4.17.3&#8243; _module_preset=&#8221;default&#8221; global_colors_info=&#8221;{}&#8221;][\/et_pb_button][et_pb_button button_text=&#8221;VIRTUAL&#8221; module_id=&#8221;btn-virtual&#8221; _builder_version=&#8221;4.17.3&#8243; _module_preset=&#8221;default&#8221; custom_margin=&#8221;|||30px|false|false&#8221; global_colors_info=&#8221;{}&#8221;][\/et_pb_button][\/et_pb_column][\/et_pb_row][et_pb_row _builder_version=&#8221;4.22.1&#8243; _module_preset=&#8221;default&#8221; global_colors_info=&#8221;{}&#8221;][et_pb_column type=&#8221;4_4&#8243; _builder_version=&#8221;4.22.1&#8243; _module_preset=&#8221;default&#8221; global_colors_info=&#8221;{}&#8221;][et_pb_image src=&#8221;https:\/\/balkar.earth\/wp-content\/uploads\/Baner_BALKAR-9.png&#8221; title_text=&#8221;Baner_iltirhub24&#8243; url=&#8221;@ET-DC@eyJkeW5hbWljIjp0cnVlLCJjb250ZW50IjoicG9zdF9saW5rX3VybF9wYWdlIiwic2V0dGluZ3MiOnsicG9zdF9pZCI6IjIyMTQiLCJlbmFibGVfaHRtbCI6Im9mZiJ9fQ==@&#8221; _builder_version=&#8221;4.22.1&#8243; _dynamic_attributes=&#8221;url&#8221; _module_preset=&#8221;default&#8221; global_colors_info=&#8221;{}&#8221;][\/et_pb_image][et_pb_image src=&#8221;https:\/\/balkar.earth\/wp-content\/uploads\/REGENHUB-BANNER.png&#8221; title_text=&#8221;REGENHUB-BANNER&#8221; url=&#8221;https:\/\/associaciogens.org\/regen-hub\/&#8221; _builder_version=&#8221;4.22.1&#8243; _module_preset=&#8221;default&#8221; global_colors_info=&#8221;{}&#8221;][\/et_pb_image][et_pb_image src=&#8221;https:\/\/balkar.earth\/wp-content\/uploads\/Baner_BALKAR-4-1.png&#8221; title_text=&#8221;Baner_BALKAR-grimpada&#8221; url=&#8221;https:\/\/www.lagrimpada.org\/&#8221; _builder_version=&#8221;4.22.1&#8243; _module_preset=&#8221;default&#8221; global_colors_info=&#8221;{}&#8221;][\/et_pb_image][\/et_pb_column][\/et_pb_row][\/et_pb_section][et_pb_section fb_built=&#8221;1&#8243; disabled_on=&#8221;on|on|on&#8221; module_id=&#8221;espacios-aprendizaje&#8221; _builder_version=&#8221;4.19.4&#8243; _module_preset=&#8221;default&#8221; background_color=&#8221;#FFFFFF&#8221; min_height=&#8221;1252.4px&#8221; custom_margin=&#8221;-59px|||||&#8221; custom_padding=&#8221;0px|||||&#8221; disabled=&#8221;on&#8221; global_colors_info=&#8221;{}&#8221;][et_pb_row disabled_on=&#8221;on|on|on&#8221; module_id=&#8221;formacions-cont&#8221; _builder_version=&#8221;4.19.4&#8243; _module_preset=&#8221;default&#8221; custom_margin=&#8221;60px||||false|false&#8221; disabled=&#8221;on&#8221; global_colors_info=&#8221;{}&#8221;][et_pb_column type=&#8221;4_4&#8243; _builder_version=&#8221;4.17.3&#8243; _module_preset=&#8221;default&#8221; global_colors_info=&#8221;{}&#8221;][et_pb_text _builder_version=&#8221;4.17.3&#8243; _module_preset=&#8221;default&#8221; global_colors_info=&#8221;{}&#8221;]<\/p>\n<div class=\"balkar-formacions\">\r\n\t\t\t\t\t\r\n\r\n\t\t\t\r\n\r\n\t\t<div class=\"row balkar-formacio-item balkar-formacio-tematica-102\" data-t0=\"0,102,\" data-t1=\"0,\" data-t2=\"0,101,\">\r\n\t\t\t<a class=\"balkar-formacio-link\" href=\"https:\/\/balkar.earth\/es\/formacio\/especializacion-en-biomimetica-social\/\">\r\n\t\t\t\t<div class=\"balkar-formacio-square balkar-formacio-tematica-102\">\r\n\t\t\t\t\t<div class=\"balkar-formacio-thumbnail\">\r\n\t\t\t\t\t\t<img loading=\"lazy\" decoding=\"async\" width=\"933\" height=\"2000\" src=\"https:\/\/balkar.earth\/wp-content\/uploads\/biomimetica-balkar-1.png\" class=\"attachment-post-thumbnail size-post-thumbnail wp-post-image\" alt=\"\" srcset=\"https:\/\/balkar.earth\/wp-content\/uploads\/biomimetica-balkar-1.png 933w, https:\/\/balkar.earth\/wp-content\/uploads\/biomimetica-balkar-1-480x1029.png 480w\" sizes=\"auto, (min-width: 0px) and (max-width: 480px) 480px, (min-width: 481px) 933px, 100vw\" \/>\t\t\t\t\t<\/div>\r\n\t\t\t\t\t<div class=\"balkar-formacio-tematica\">Biomim\u00e8tica<\/div>\r\n\t\t\t\t\t<img decoding=\"async\" class=\"balkar-formacio-tematica-image\" src=\"\" \/>\t\t\t\t\t\r\n\t\t\t\t<\/div>\r\n\t\t\t<\/a>\r\n\t\t\t<a class=\"balkar-formacio-link-title\" href=\"https:\/\/balkar.earth\/es\/formacio\/especializacion-en-biomimetica-social\/\">\r\n\t\t\t\t<h4 class=\"balkar-formacio-title\">ESPECIALIZACI\u00d3N EN BIOMIM\u00c9TICA SOCIAL<\/h4>\r\n\t\t\t<\/a>\r\n\t\t\t<div class=\"balkar-formacio-excerpt\">Una formaci\u00f3n virtual de 60h (horas lectivas y de dedicaci\u00f3n personal incluidas) con Melina Angel, Leen Gorissen, Tamsin Woolley-Barker, Gina LaMotte, Toby Herzlich y Paco Calvo, formadoras referentes internacionales en biomim\u00e9tica social.\n\n El idioma original de la formaci\u00f3n ser\u00e1 biling\u00fce, en ingl\u00e9s y castellano con traducci\u00f3n de forma simult\u00e1nea.\n\n Curso certificado por el Instituto Balkar.Earth, se entregar\u00e1 un certificado al completar el curso.<\/div>\t\t\t\r\n\t\t<\/div>\r\n        \t\t\t\r\n\r\n\t\t\t\r\n\r\n\t\t<div class=\"row balkar-formacio-item balkar-formacio-tematica-104\" data-t0=\"0,104,\" data-t1=\"0,\" data-t2=\"0,35,\">\r\n\t\t\t<a class=\"balkar-formacio-link\" href=\"https:\/\/balkar.earth\/es\/formacio\/como-enamorarse-del-futuro\/\">\r\n\t\t\t\t<div class=\"balkar-formacio-square balkar-formacio-tematica-104\">\r\n\t\t\t\t\t<div class=\"balkar-formacio-thumbnail\">\r\n\t\t\t\t\t\t<img loading=\"lazy\" decoding=\"async\" width=\"1952\" height=\"1048\" src=\"https:\/\/balkar.earth\/wp-content\/uploads\/Captura-de-pantalla-2024-10-07-a-les-8.45.26.png\" class=\"attachment-post-thumbnail size-post-thumbnail wp-post-image\" alt=\"\" srcset=\"https:\/\/balkar.earth\/wp-content\/uploads\/Captura-de-pantalla-2024-10-07-a-les-8.45.26.png 1952w, https:\/\/balkar.earth\/wp-content\/uploads\/Captura-de-pantalla-2024-10-07-a-les-8.45.26-1280x687.png 1280w, https:\/\/balkar.earth\/wp-content\/uploads\/Captura-de-pantalla-2024-10-07-a-les-8.45.26-980x526.png 980w, https:\/\/balkar.earth\/wp-content\/uploads\/Captura-de-pantalla-2024-10-07-a-les-8.45.26-480x258.png 480w\" sizes=\"auto, (min-width: 0px) and (max-width: 480px) 480px, (min-width: 481px) and (max-width: 980px) 980px, (min-width: 981px) and (max-width: 1280px) 1280px, (min-width: 1281px) 1952px, 100vw\" \/>\t\t\t\t\t<\/div>\r\n\t\t\t\t\t<div class=\"balkar-formacio-tematica\">Radical Imagination<\/div>\r\n\t\t\t\t\t<img decoding=\"async\" class=\"balkar-formacio-tematica-image\" src=\"\" \/>\t\t\t\t\t\r\n\t\t\t\t<\/div>\r\n\t\t\t<\/a>\r\n\t\t\t<a class=\"balkar-formacio-link-title\" href=\"https:\/\/balkar.earth\/es\/formacio\/como-enamorarse-del-futuro\/\">\r\n\t\t\t\t<h4 class=\"balkar-formacio-title\">C\u00f3mo enamorarse del futuro<\/h4>\r\n\t\t\t<\/a>\r\n\t\t\t<div class=\"balkar-formacio-excerpt\"><\/div>\t\t\t\r\n\t\t<\/div>\r\n        <\/div>        \r\n    \n<p>[\/et_pb_text][\/et_pb_column][\/et_pb_row][\/et_pb_section]<\/p>\n","protected":false},"excerpt":{"rendered":"<p>[et_pb_section fb_built=&#8221;1&#8243; module_id=&#8221;formaciones&#8221; _builder_version=&#8221;4.19.4&#8243; _module_preset=&#8221;default&#8221; background_color=&#8221;#FBF7EB&#8221; custom_margin=&#8221;||||false|false&#8221; custom_padding=&#8221;0px|||||&#8221; global_colors_info=&#8221;{}&#8221;][et_pb_row column_structure=&#8221;1_2,1_2&#8243; _builder_version=&#8221;4.19.4&#8243; _module_preset=&#8221;default&#8221; background_image=&#8221;https:\/\/balkar.earth\/wp-content\/uploads\/Group-288-1.svg&#8221; background_size=&#8221;initial&#8221; background_position=&#8221;bottom_left&#8221; background_horizontal_offset=&#8221;9%&#8221; custom_margin=&#8221;||0px||false|false&#8221; custom_padding=&#8221;60px||||false|false&#8221; global_colors_info=&#8221;{}&#8221;][et_pb_column type=&#8221;1_2&#8243; _builder_version=&#8221;4.17.3&#8243; _module_preset=&#8221;default&#8221; global_colors_info=&#8221;{}&#8221;][et_pb_text _builder_version=&#8221;4.17.3&#8243; _module_preset=&#8221;default&#8221; global_colors_info=&#8221;{}&#8221;] Propuestas y espacios de aprendizaje [\/et_pb_text][et_pb_text _builder_version=&#8221;4.19.4&#8243; _module_preset=&#8221;default&#8221; text_font=&#8221;||||||||&#8221; text_font_size=&#8221;25px&#8221; text_font_size_tablet=&#8221;25px&#8221; text_font_size_phone=&#8221;16px&#8221; text_font_size_last_edited=&#8221;on|phone&#8221; global_colors_info=&#8221;{}&#8221;] Acompa\u00f1amos a personas y organizaciones en el desarrollo y uso de herramientas y estrategias para [&hellip;]<\/p>\n","protected":false},"author":1,"featured_media":0,"parent":0,"menu_order":0,"comment_status":"closed","ping_status":"closed","template":"","meta":{"_acf_changed":false,"_bbp_topic_count":0,"_bbp_reply_count":0,"_bbp_total_topic_count":0,"_bbp_total_reply_count":0,"_bbp_voice_count":0,"_bbp_anonymous_reply_count":0,"_bbp_topic_count_hidden":0,"_bbp_reply_count_hidden":0,"_bbp_forum_subforum_count":0,"_et_pb_use_builder":"on","_et_pb_old_content":"","_et_gb_content_width":"","inline_featured_image":false,"footnotes":""},"class_list":["post-6917","page","type-page","status-publish","hentry"],"acf":[],"_links":{"self":[{"href":"https:\/\/balkar.earth\/es\/wp-json\/wp\/v2\/pages\/6917","targetHints":{"allow":["GET"]}}],"collection":[{"href":"https:\/\/balkar.earth\/es\/wp-json\/wp\/v2\/pages"}],"about":[{"href":"https:\/\/balkar.earth\/es\/wp-json\/wp\/v2\/types\/page"}],"author":[{"embeddable":true,"href":"https:\/\/balkar.earth\/es\/wp-json\/wp\/v2\/users\/1"}],"replies":[{"embeddable":true,"href":"https:\/\/balkar.earth\/es\/wp-json\/wp\/v2\/comments?post=6917"}],"version-history":[{"count":7,"href":"https:\/\/balkar.earth\/es\/wp-json\/wp\/v2\/pages\/6917\/revisions"}],"predecessor-version":[{"id":10010,"href":"https:\/\/balkar.earth\/es\/wp-json\/wp\/v2\/pages\/6917\/revisions\/10010"}],"wp:attachment":[{"href":"https:\/\/balkar.earth\/es\/wp-json\/wp\/v2\/media?parent=6917"}],"curies":[{"name":"wp","href":"https:\/\/api.w.org\/{rel}","templated":true}]}}